{"id":19,"date":"2022-06-27T13:47:24","date_gmt":"2022-06-27T13:47:24","guid":{"rendered":"https:\/\/www.eh-tu.cz\/?page_id=19"},"modified":"2025-09-09T11:16:48","modified_gmt":"2025-09-09T11:16:48","slug":"bef","status":"publish","type":"page","link":"https:\/\/www.eh-tu.cz\/?page_id=19","title":{"rendered":"Bev"},"content":{"rendered":"\n<p><strong>Beverly Anay-Nya<\/strong><\/p>\n\n\n\n<div class=\"wp-block-columns is-layout-flex wp-container-core-columns-is-layout-9d6595d7 wp-block-columns-is-layout-flex\">\n<div class=\"wp-block-column is-layout-flow wp-block-column-is-layout-flow\" style=\"flex-basis:100%\">\n<figure class=\"wp-block-image size-large is-resized\"><img loading=\"lazy\" decoding=\"async\" width=\"1024\" height=\"683\" src=\"http:\/\/www.eh-tu.cz\/wp-content\/uploads\/2025\/09\/Beverly-Anya-Nya-1024x683.jpg\" alt=\"\" class=\"wp-image-581\" style=\"width:754px;height:auto\" srcset=\"https:\/\/www.eh-tu.cz\/wp-content\/uploads\/2025\/09\/Beverly-Anya-Nya-1024x683.jpg 1024w, https:\/\/www.eh-tu.cz\/wp-content\/uploads\/2025\/09\/Beverly-Anya-Nya-300x200.jpg 300w, https:\/\/www.eh-tu.cz\/wp-content\/uploads\/2025\/09\/Beverly-Anya-Nya-768x512.jpg 768w, https:\/\/www.eh-tu.cz\/wp-content\/uploads\/2025\/09\/Beverly-Anya-Nya-1536x1024.jpg 1536w, https:\/\/www.eh-tu.cz\/wp-content\/uploads\/2025\/09\/Beverly-Anya-Nya-2048x1365.jpg 2048w\" sizes=\"auto, (max-width: 1024px) 100vw, 1024px\" \/><\/figure>\n<\/div>\n<\/div>\n\n\n\n<p style=\"font-size:15px\">Bev &#8211; ach ta na\u0161e Bev. Je v\u0161ude, chvilku na pohovce, chvilku v posteli, chvilku na stole. Je jako neposedn\u00e9 k\u016fzl\u00e1tko, kter\u00e9 poskakuje a je ho v\u0161ude plno. Od prvn\u00edch dn\u00ed se stav\u00ed do pozice v\u016fdce sme\u010dky a my jen sledujeme, jak se jej\u00ed ps\u00ed osobnost vyv\u00edj\u00ed a roste. R\u00e1da j\u00ed a to t\u00e9m\u011b\u0159 v\u0161e i to co nem\u00e1, nebo nen\u00ed jej\u00ed. U\u010d\u00ed Belli v\u0161elijak\u00e9 lump\u00e1rny.<\/p>\n\n\n\n<p style=\"font-size:15px\">Bev zvl\u00e1d\u00e1 z\u00e1kladn\u00ed poslu\u0161nost &#8220; v mez\u00edch povahy basen\u017e\u00edka&#8220; a piln\u011b tr\u00e9nuje.<\/p>\n\n\n\n<p style=\"font-size:15px\">Coursing si u\u017e vyzkou\u0161ela a b\u011bhem sv\u00e9ho prvn\u00edho b\u011bhu za st\u0159apcem si zab\u011bhla i nap\u00edt do potoka, tak\u017ee to vypad\u00e1, \u017ee si ze z\u00e1vod\u016f ned\u011bl\u00e1 t\u011b\u017ekou hlavu. Hlavn\u00ed je se z\u00fa\u010dastnit :-).     <\/p>\n\n\n\n<hr class=\"wp-block-separator has-alpha-channel-opacity\"\/>\n\n\n\n<p>Narozena: 16.12.2021 (prvorozen\u00e1 z p\u011bti)<\/p>\n\n\n\n<p>Barva: \u010dervenob\u00edl\u00e1<\/p>\n\n\n\n<p>V\u00fd\u0161ka: 40 cm<\/p>\n\n\n\n<p>Strava: Barf<\/p>\n\n\n\n<p><a href=\"https:\/\/www.eh-tu.cz\/wp-content\/uploads\/2022\/07\/rodokmen-www-e1658895757611.jpg\" data-type=\"attachment\" data-id=\"216\" target=\"_blank\" rel=\"noreferrer noopener\">Rodokmen<\/a>: <\/p>\n\n\n\n<p>Matka: <a href=\"https:\/\/www.basenji-kynsperk.net\/\" target=\"_blank\" rel=\"noreferrer noopener\">Neslediye Etera Going For Win<\/a><\/p>\n\n\n\n<p>Otec: AFRIKAN LAMINAM BATTLE OF THE IRON THRONE<\/p>\n\n\n\n<p><a href=\"http:\/\/www.eh-tu.cz\/wp-content\/uploads\/2023\/05\/FS-CR.jpg\" data-type=\"URL\" data-id=\"http:\/\/www.eh-tu.cz\/wp-content\/uploads\/2023\/05\/FS-CR.jpg\">Fanconio syndrom<\/a>: \u010dist\u00e1<\/p>\n\n\n\n<p><a href=\"http:\/\/www.eh-tu.cz\/wp-content\/uploads\/2023\/05\/PRA-CR.jpg\" data-type=\"URL\" data-id=\"http:\/\/www.eh-tu.cz\/wp-content\/uploads\/2023\/05\/PRA-CR.jpg\">DNA PRA B\/1<\/a> normal\/\u010dist\u00e1<\/p>\n\n\n\n<p>O\u010di:<\/p>\n\n\n\n<p>PRA: \u010dist\u00e1<\/p>\n\n\n\n<p>PPM: \u010dist\u00e1<\/p>\n\n\n\n<p>Zuby: plnochrup\u00e1<\/p>\n\n\n\n<p>Bonitace: 2025<\/p>\n\n\n\n<hr class=\"wp-block-separator has-alpha-channel-opacity\"\/>\n\n\n\n<p style=\"font-size:15px\"><strong>V\u00fdstavy:<\/strong><\/p>\n\n\n\n<p style=\"font-size:15px\">V1 VT &#8211; KV Olomouc 2023<\/p>\n\n\n\n<p style=\"font-size:15px\">V1 VT KV &#8211; KV Doln\u00ed Bene\u0161ov 2024<\/p>\n\n\n\n<p style=\"font-size:15px\">VD &#8211; NV Brno 2024<\/p>\n\n\n\n<p style=\"font-size:15px\">VD &#8211; MV Brno 2025<\/p>\n\n\n\n<p style=\"font-size:15px\">VD &#8211; SV BKB Ryt\u00ed\u0159sko 2025<\/p>\n\n\n\n<p><\/p>\n\n\n\n<p class=\"has-small-font-size\"><strong>Coursing:<\/strong><\/p>\n\n\n\n<p style=\"font-size:15px\">BKB Kongo Cup Podmitrov 2022 &#8211; 4. m\u00edsto<\/p>\n\n\n\n<p style=\"font-size:15px\"><strong>BKB Kongo Cup K\u0159i\u017eanov 2025 &#8211; 1. m\u00edsto<\/strong><\/p>\n\n\n\n<figure class=\"wp-block-image size-large\"><img loading=\"lazy\" decoding=\"async\" width=\"990\" height=\"618\" src=\"http:\/\/www.eh-tu.cz\/wp-content\/uploads\/2022\/07\/6-tydnu-edited.jpg\" alt=\"\" class=\"wp-image-174\" srcset=\"https:\/\/www.eh-tu.cz\/wp-content\/uploads\/2022\/07\/6-tydnu-edited.jpg 990w, https:\/\/www.eh-tu.cz\/wp-content\/uploads\/2022\/07\/6-tydnu-edited-300x187.jpg 300w, https:\/\/www.eh-tu.cz\/wp-content\/uploads\/2022\/07\/6-tydnu-edited-768x479.jpg 768w\" sizes=\"auto, (max-width: 990px) 100vw, 990px\" \/><figcaption class=\"wp-element-caption\">Beverly Anya-Nya<\/figcaption><\/figure>\n\n\n\n<figure class=\"wp-block-gallery has-nested-images columns-default is-cropped wp-block-gallery-1 is-layout-flex wp-block-gallery-is-layout-flex\">\n<figure class=\"wp-block-image size-large\"><img loading=\"lazy\" decoding=\"async\" width=\"1024\" height=\"768\" data-id=\"539\" src=\"https:\/\/www.eh-tu.cz\/wp-content\/uploads\/2024\/09\/Beverly-Anya-Nya-postoj-1024x768.jpeg\" alt=\"\" class=\"wp-image-539\" srcset=\"https:\/\/www.eh-tu.cz\/wp-content\/uploads\/2024\/09\/Beverly-Anya-Nya-postoj-1024x768.jpeg 1024w, https:\/\/www.eh-tu.cz\/wp-content\/uploads\/2024\/09\/Beverly-Anya-Nya-postoj-300x225.jpeg 300w, https:\/\/www.eh-tu.cz\/wp-content\/uploads\/2024\/09\/Beverly-Anya-Nya-postoj-768x576.jpeg 768w, https:\/\/www.eh-tu.cz\/wp-content\/uploads\/2024\/09\/Beverly-Anya-Nya-postoj-1536x1152.jpeg 1536w, https:\/\/www.eh-tu.cz\/wp-content\/uploads\/2024\/09\/Beverly-Anya-Nya-postoj.jpeg 2000w\" sizes=\"auto, (max-width: 1024px) 100vw, 1024px\" \/><\/figure>\n<\/figure>\n\n\n\n<figure class=\"wp-block-image size-large\"><img loading=\"lazy\" decoding=\"async\" width=\"1024\" height=\"683\" src=\"http:\/\/www.eh-tu.cz\/wp-content\/uploads\/2024\/09\/IMG_0078-1024x683.jpg\" alt=\"\" class=\"wp-image-560\" srcset=\"https:\/\/www.eh-tu.cz\/wp-content\/uploads\/2024\/09\/IMG_0078-1024x683.jpg 1024w, https:\/\/www.eh-tu.cz\/wp-content\/uploads\/2024\/09\/IMG_0078-300x200.jpg 300w, https:\/\/www.eh-tu.cz\/wp-content\/uploads\/2024\/09\/IMG_0078-768x512.jpg 768w, https:\/\/www.eh-tu.cz\/wp-content\/uploads\/2024\/09\/IMG_0078-1536x1024.jpg 1536w, https:\/\/www.eh-tu.cz\/wp-content\/uploads\/2024\/09\/IMG_0078-2048x1365.jpg 2048w\" sizes=\"auto, (max-width: 1024px) 100vw, 1024px\" \/><\/figure>\n","protected":false},"excerpt":{"rendered":"<p>Beverly Anay-Nya Bev &#8211; ach ta na\u0161e Bev. Je v\u0161ude, chvilku na pohovce, chvilku v posteli, chvilku na stole. Je jako neposedn\u00e9 k\u016fzl\u00e1tko, kter\u00e9 poskakuje a je ho v\u0161ude plno. Od prvn\u00edch dn\u00ed se stav\u00ed do pozice v\u016fdce sme\u010dky a my jen sledujeme, jak se jej\u00ed ps\u00ed osobnost vyv\u00edj\u00ed a roste. R\u00e1da j\u00ed a to [&hellip;]<\/p>\n","protected":false},"author":1,"featured_media":0,"parent":0,"menu_order":0,"comment_status":"closed","ping_status":"closed","template":"","meta":{"footnotes":""},"class_list":["post-19","page","type-page","status-publish","hentry"],"_links":{"self":[{"href":"https:\/\/www.eh-tu.cz\/index.php?rest_route=\/wp\/v2\/pages\/19","targetHints":{"allow":["GET"]}}],"collection":[{"href":"https:\/\/www.eh-tu.cz\/index.php?rest_route=\/wp\/v2\/pages"}],"about":[{"href":"https:\/\/www.eh-tu.cz\/index.php?rest_route=\/wp\/v2\/types\/page"}],"author":[{"embeddable":true,"href":"https:\/\/www.eh-tu.cz\/index.php?rest_route=\/wp\/v2\/users\/1"}],"replies":[{"embeddable":true,"href":"https:\/\/www.eh-tu.cz\/index.php?rest_route=%2Fwp%2Fv2%2Fcomments&post=19"}],"version-history":[{"count":43,"href":"https:\/\/www.eh-tu.cz\/index.php?rest_route=\/wp\/v2\/pages\/19\/revisions"}],"predecessor-version":[{"id":594,"href":"https:\/\/www.eh-tu.cz\/index.php?rest_route=\/wp\/v2\/pages\/19\/revisions\/594"}],"wp:attachment":[{"href":"https:\/\/www.eh-tu.cz\/index.php?rest_route=%2Fwp%2Fv2%2Fmedia&parent=19"}],"curies":[{"name":"wp","href":"https:\/\/api.w.org\/{rel}","templated":true}]}}