{"id":20,"date":"2022-06-27T13:47:24","date_gmt":"2022-06-27T13:47:24","guid":{"rendered":"https:\/\/www.eh-tu.cz\/?page_id=20"},"modified":"2022-07-28T05:51:51","modified_gmt":"2022-07-28T05:51:51","slug":"za-duhovym-mostem","status":"publish","type":"page","link":"https:\/\/www.eh-tu.cz\/?page_id=20","title":{"rendered":"Za duhov\u00fdm mostem"},"content":{"rendered":"\n<p><strong>Affra Zanella Ewo<\/strong><\/p>\n\n\n\n<div class=\"wp-block-cover is-light\" style=\"min-height:487px;aspect-ratio:unset;\"><span aria-hidden=\"true\" class=\"wp-block-cover__background has-background-dim-0 has-background-dim\"><\/span><img loading=\"lazy\" decoding=\"async\" width=\"1000\" height=\"750\" class=\"wp-block-cover__image-background wp-image-181\" alt=\"\" src=\"http:\/\/www.eh-tu.cz\/wp-content\/uploads\/2022\/07\/Affra.jpg\" style=\"object-position:46% 44%\" data-object-fit=\"cover\" data-object-position=\"46% 44%\" srcset=\"https:\/\/www.eh-tu.cz\/wp-content\/uploads\/2022\/07\/Affra.jpg 1000w, https:\/\/www.eh-tu.cz\/wp-content\/uploads\/2022\/07\/Affra-300x225.jpg 300w, https:\/\/www.eh-tu.cz\/wp-content\/uploads\/2022\/07\/Affra-768x576.jpg 768w\" sizes=\"auto, (max-width: 1000px) 100vw, 1000px\" \/><div class=\"wp-block-cover__inner-container is-layout-flow wp-block-cover-is-layout-flow\">\n<p class=\"has-text-align-center has-large-font-size\"><\/p>\n<\/div><\/div>\n\n\n\n<p style=\"font-size:15px\">Cel\u00e9 m\u00e9 d\u011btstv\u00ed jsem tou\u017eila m\u00edt psa. N\u011bkolikr\u00e1t jsem i \u010dty\u0159noh\u00e9 stvo\u0159en\u00ed donesla do na\u0161eho panel\u00e1kov\u00e9ho bytu, ale v\u017edy jsem pak musela &#8222;mazat&#8220; zp\u011bt i s ps\u00edkem. Affra tedy byla spln\u011bn\u00edm velk\u00e9ho d\u011btsk\u00e9ho snu. Byla to l\u00e1ska na prvn\u00ed pohled, a proto jsem nikterak v tom roce 2003 ne\u0159e\u0161ila jakou povahu m\u00e1 toto plemeno. Kdy\u017e se tak na to d\u00edv\u00e1m odstupem \u010dasu jsem r\u00e1da, \u017ee jsem to tehdy ne\u0159e\u0161ila a \u017ee Affra byla moje \u00fapln\u011b prvn\u00ed zku\u0161enost. Bylo to kr\u00e1sn\u00fdch nezapomenuteln\u00fdch 16 let. Byly to roky radosti a \u0161t\u011bst\u00ed, ale tak\u00e9 chvilky strachu a nespo\u010det vztek\u00e1n\u00ed a kdy\u017e nade\u0161el \u010das rozlou\u010den\u00ed, tak tu bolest pochop\u00ed jen ten, komu se \u010dty\u0159noh\u00e9 stvo\u0159en\u00ed nav\u017edy neodmysliteln\u011b zapsalo do srdce. <\/p>\n\n\n\n<p style=\"font-size:15px\">       <\/p>\n\n\n\n<p class=\"has-medium-font-size\">18.12.2003 &#8211; 20. 12. 2019<\/p>\n\n\n\n<p>Barva: \u010dervenob\u00edl\u00e1<\/p>\n\n\n\n<p><a href=\"https:\/\/www.eh-tu.cz\/wp-content\/uploads\/2022\/07\/rodokmen-e1658759234835.jpg\" data-type=\"attachment\" data-id=\"179\" target=\"_blank\" rel=\"noreferrer noopener\">Rodokmen<\/a>:<\/p>\n\n\n\n<p>Matka: Gakonga Bena Makima<\/p>\n\n\n\n<p>Otec: <a href=\"http:\/\/www.astheniabasenji.com\/\" target=\"_blank\" rel=\"noreferrer noopener\">Greasy Gui Ananty<\/a><\/p>\n\n\n\n<p>Zuby: chyb\u011bj\u00edc\u00ed M3<\/p>\n\n\n\n<p>Bonitace: nevhodn\u00e1 pro chov<\/p>\n\n\n\n<hr class=\"wp-block-separator has-alpha-channel-opacity\"\/>\n\n\n\n<p>V\u00fdstavy: velmi nad\u011bjn\u00e1 &#8211; MVP Brno 2003<\/p>\n\n\n\n<p>Coursing: Licence &#8211; \u010cMKU\/BSN\/131\/05<\/p>\n\n\n\n<p><br><\/p>\n\n\n\n<figure class=\"wp-block-gallery has-nested-images columns-default is-cropped wp-block-gallery-1 is-layout-flex wp-block-gallery-is-layout-flex\">\n<figure class=\"wp-block-image size-large\"><img loading=\"lazy\" decoding=\"async\" width=\"750\" height=\"1000\" data-id=\"82\" src=\"http:\/\/www.eh-tu.cz\/wp-content\/uploads\/2022\/06\/P1090039-e1658154886484.jpg\" alt=\"\" class=\"wp-image-82\" srcset=\"https:\/\/www.eh-tu.cz\/wp-content\/uploads\/2022\/06\/P1090039-e1658154886484.jpg 750w, https:\/\/www.eh-tu.cz\/wp-content\/uploads\/2022\/06\/P1090039-e1658154886484-225x300.jpg 225w\" sizes=\"auto, (max-width: 750px) 100vw, 750px\" \/><\/figure>\n\n\n\n<figure class=\"wp-block-image size-large\"><img loading=\"lazy\" decoding=\"async\" width=\"1000\" height=\"667\" data-id=\"85\" src=\"http:\/\/www.eh-tu.cz\/wp-content\/uploads\/2022\/06\/Snimek-054.jpg\" alt=\"\" class=\"wp-image-85\" srcset=\"https:\/\/www.eh-tu.cz\/wp-content\/uploads\/2022\/06\/Snimek-054.jpg 1000w, https:\/\/www.eh-tu.cz\/wp-content\/uploads\/2022\/06\/Snimek-054-300x200.jpg 300w, https:\/\/www.eh-tu.cz\/wp-content\/uploads\/2022\/06\/Snimek-054-768x512.jpg 768w\" sizes=\"auto, (max-width: 1000px) 100vw, 1000px\" \/><\/figure>\n<\/figure>\n","protected":false},"excerpt":{"rendered":"<p>Affra Zanella Ewo Cel\u00e9 m\u00e9 d\u011btstv\u00ed jsem tou\u017eila m\u00edt psa. N\u011bkolikr\u00e1t jsem i \u010dty\u0159noh\u00e9 stvo\u0159en\u00ed donesla do na\u0161eho panel\u00e1kov\u00e9ho bytu, ale v\u017edy jsem pak musela &#8222;mazat&#8220; zp\u011bt i s ps\u00edkem. Affra tedy byla spln\u011bn\u00edm velk\u00e9ho d\u011btsk\u00e9ho snu. Byla to l\u00e1ska na prvn\u00ed pohled, a proto jsem nikterak v tom roce 2003 ne\u0159e\u0161ila jakou povahu m\u00e1 [&hellip;]<\/p>\n","protected":false},"author":1,"featured_media":0,"parent":0,"menu_order":0,"comment_status":"closed","ping_status":"closed","template":"","meta":{"footnotes":""},"class_list":["post-20","page","type-page","status-publish","hentry"],"_links":{"self":[{"href":"https:\/\/www.eh-tu.cz\/index.php?rest_route=\/wp\/v2\/pages\/20","targetHints":{"allow":["GET"]}}],"collection":[{"href":"https:\/\/www.eh-tu.cz\/index.php?rest_route=\/wp\/v2\/pages"}],"about":[{"href":"https:\/\/www.eh-tu.cz\/index.php?rest_route=\/wp\/v2\/types\/page"}],"author":[{"embeddable":true,"href":"https:\/\/www.eh-tu.cz\/index.php?rest_route=\/wp\/v2\/users\/1"}],"replies":[{"embeddable":true,"href":"https:\/\/www.eh-tu.cz\/index.php?rest_route=%2Fwp%2Fv2%2Fcomments&post=20"}],"version-history":[{"count":14,"href":"https:\/\/www.eh-tu.cz\/index.php?rest_route=\/wp\/v2\/pages\/20\/revisions"}],"predecessor-version":[{"id":289,"href":"https:\/\/www.eh-tu.cz\/index.php?rest_route=\/wp\/v2\/pages\/20\/revisions\/289"}],"wp:attachment":[{"href":"https:\/\/www.eh-tu.cz\/index.php?rest_route=%2Fwp%2Fv2%2Fmedia&parent=20"}],"curies":[{"name":"wp","href":"https:\/\/api.w.org\/{rel}","templated":true}]}}